{"id":12900,"date":"2026-02-03T22:11:54","date_gmt":"2026-02-03T21:11:54","guid":{"rendered":"https:\/\/www.alphameditalia.com\/store\/?post_type=product&#038;p=12900"},"modified":"2026-02-03T22:33:10","modified_gmt":"2026-02-03T21:33:10","slug":"torino-07-marzo-2026-loriginale-tecarterapia-modulo-1-dolore-e-infiammazione","status":"publish","type":"product","link":"https:\/\/www.alphameditalia.com\/store\/product\/torino-07-marzo-2026-loriginale-tecarterapia-modulo-1-dolore-e-infiammazione\/","title":{"rendered":"Torino, 07 Marzo 2026  L&#8217;ORIGINALE TECARTERAPIA MODULO 1: Dolore e Infiammazione"},"content":{"rendered":"<p class=\"_04xlpA direction-ltr align-start para-style-body\"><strong><span style=\"font-size: 14pt; color: #800000;\"><span class=\"JsGRdQ\">SEDE DEL CORSO : <\/span><\/span><\/strong><\/p>\n<p class=\"_04xlpA direction-ltr align-start para-style-body\"><span style=\"color: #800000;\"><span style=\"font-size: 21px;\"><b>RIGENERA CARE &#8220;Medicina Rigenerativa&#8221; Via Carlo Marenco 32 Torino\u00a0<\/b><\/span><\/span><\/p>\n<p><span style=\"font-size: 21px;\"><strong><span style=\"color: #800000;\">RELATORI : Gianluca Sica <\/span><\/strong><\/span><span style=\"font-size: 16px;\"><span class=\"a_GcMg font-feature-liga-off font-feature-clig-off font-feature-calt-off text-decoration-none text-strikethrough-none\">Massofisioterapista, <\/span><span class=\"a_GcMg font-feature-liga-off font-feature-clig-off font-feature-calt-off text-decoration-none text-strikethrough-none\">Osteopata, <\/span><span class=\"a_GcMg font-feature-liga-off font-feature-clig-off font-feature-calt-off text-decoration-none text-strikethrough-none\">Terapista manuale, <\/span><span class=\"a_GcMg font-feature-liga-off font-feature-clig-off font-feature-calt-off text-decoration-none text-strikethrough-none\">Terapista shiatsu <\/span><\/span><\/p>\n<p><span style=\"font-size: 16px;\"><span class=\"a_GcMg font-feature-liga-off font-feature-clig-off font-feature-calt-off text-decoration-none text-strikethrough-none\">Insegnante nei corsi di <\/span><span class=\"a_GcMg font-feature-liga-off font-feature-clig-off font-feature-calt-off text-decoration-none text-strikethrough-none\">qualificazione <\/span><span class=\"a_GcMg font-feature-liga-off font-feature-clig-off font-feature-calt-off text-decoration-none text-strikethrough-none\">professionale Unibell srl\u00a0 <\/span><span class=\"a_GcMg font-feature-liga-off font-feature-clig-off font-feature-calt-off text-decoration-none text-strikethrough-none\">Docente per la formazione <\/span><span class=\"a_GcMg font-feature-liga-off font-feature-clig-off font-feature-calt-off text-decoration-none text-strikethrough-none\">tecnico professionale in <\/span><span class=\"a_GcMg font-feature-liga-off font-feature-clig-off font-feature-calt-off text-decoration-none text-strikethrough-none\">ambito fisioterapico, estetico <\/span><span class=\"a_GcMg font-feature-liga-off font-feature-clig-off font-feature-calt-off text-decoration-none text-strikethrough-none\">e benessere. <\/span><span class=\"a_GcMg font-feature-liga-off font-feature-clig-off font-feature-calt-off text-decoration-none text-strikethrough-none\">Coordinatore dei docenti.<\/span><\/span><\/p>\n<p class=\"cvGsUA direction-ltr align-start para-style-body\"><span style=\"font-size: 16px;\"><span class=\"a_GcMg font-feature-liga-off font-feature-clig-off font-feature-calt-off text-decoration-none text-strikethrough-none\">Docente nella formazione <\/span><span class=\"a_GcMg font-feature-liga-off font-feature-clig-off font-feature-calt-off text-decoration-none text-strikethrough-none\">professionale ISCOS <\/span><span class=\"a_GcMg font-feature-liga-off font-feature-clig-off font-feature-calt-off text-decoration-none text-strikethrough-none\">Docente, coordinatore, <\/span><span class=\"a_GcMg font-feature-liga-off font-feature-clig-off font-feature-calt-off text-decoration-none text-strikethrough-none\">commissario interno per gli <\/span><span class=\"a_GcMg font-feature-liga-off font-feature-clig-off font-feature-calt-off text-decoration-none text-strikethrough-none\">esami regionali di diploma <\/span><span class=\"a_GcMg font-feature-liga-off font-feature-clig-off font-feature-calt-off text-decoration-none text-strikethrough-none\">MCB (Massaggiatore e <\/span><span class=\"a_GcMg font-feature-liga-off font-feature-clig-off font-feature-calt-off text-decoration-none text-strikethrough-none\">Capo Bagnino delle <\/span><span class=\"a_GcMg font-feature-liga-off font-feature-clig-off font-feature-calt-off text-decoration-none text-strikethrough-none\">aree idrotermali).<\/span><\/span><\/p>\n<p><span style=\"font-size: 18px;\"><strong><span style=\"color: #800000;\">MASSIMO ISCRITTI : 50 POSTI\u00a0<\/span><\/strong><\/span><\/p>\n<p><span style=\"font-size: 18px;\"><strong><span style=\"color: #800000;\">Termine Iscrizioni :Fino ad esaurimento posti\u00a0<\/span><\/strong><\/span><\/p>\n<p class=\"cvGsUA direction-ltr align-justify para-style-body\"><span style=\"font-size: 28px; color: #800000;\"><strong><span class=\"OYPEnA font-feature-liga-off font-feature-clig-off font-feature-calt-off text-decoration-none text-strikethrough-none\">EVENTO GRATUITO OFFERTO DA ALPHAMED ITALIA<\/span><\/strong><\/span><\/p>\n<p><strong><span style=\"font-size: 21px; color: #993300;\"><span style=\"color: #000000;\">Per informazioni e iscrizioni<\/span><\/span><\/strong><\/p>\n<p><span style=\"font-size: 18px; color: #000000;\"><span style=\"color: #800000;\">Segreteria Organizzativa:<\/span><\/span><\/p>\n<p><span style=\"color: #800000;\"><strong><span style=\"font-size: 18px;\">ALPHAMED ITALIA S.R.L.s<\/span><\/strong><\/span><\/p>\n<p><span style=\"color: #800000;\"><strong><span style=\"font-size: 18px;\">C\/O Business &amp; Storage Center EASYBOX Strada della Manta 2 10137 Torino <\/span><\/strong><\/span><\/p>\n<p><span style=\"color: #800000;\"><strong><span style=\"font-size: 18px;\">Tel.+39 011 3471145 &#8211; +39 011 3473168 Cell.+39 388 1203448 <\/span><\/strong><strong><span style=\"font-size: 18px;\">E-mail : info@alphameditalia.it<\/span><\/strong><\/span><\/p>\n<p class=\"_04xlpA direction-ltr align-start para-style-body\"><span class=\"JsGRdQ\">\u00a0<\/span><\/p>\n","protected":false},"excerpt":{"rendered":"<div class=\"elementor-element elementor-element-2f82a1e elementor-widget elementor-widget-heading\" data-id=\"2f82a1e\" data-element_type=\"widget\" data-widget_type=\"heading.default\">\n<h1 class=\"elementor-heading-title elementor-size-default\" style=\"text-align: center;\"><span style=\"color: #800000;\">Originale Tecarterapia &#8211; <\/span><\/h1>\n<h1 class=\"elementor-heading-title elementor-size-default\" style=\"text-align: center;\"><span style=\"color: #800000;\">Modulo 1 : Dolore e Infiammazione<\/span><\/h1>\n<\/div>\n<div class=\"elementor-element elementor-element-df90e7f elementor-widget elementor-widget-text-editor\" data-id=\"df90e7f\" data-element_type=\"widget\" data-widget_type=\"text-editor.default\">\n<p style=\"text-align: center;\"><em><span style=\"font-size: 18px;\">Seminario di specializzazione clinica con tecnologia HCR 1002 \u2013 Hydra Fascia<\/span><\/em><\/p>\n<p style=\"text-align: center;\"><em>L\u2019Originale Tecarterapia nel trattamento di dolore e infiammazione nelle patologie osteoarticolari e muscolari, acute e croniche<\/em><\/p>\n<\/div>\n<div class=\"elementor-element elementor-element-349d7cd elementor-widget elementor-widget-text-editor\" data-id=\"349d7cd\" data-element_type=\"widget\" data-widget_type=\"text-editor.default\">\n<p>Il dolore e l\u2019infiammazione nelle patologie muscolari, osteoarticolari, acute e croniche, rappresentano un tema, in ambito fisiatrico e fisioterapico, di grande rilievo e in costante sviluppo.<\/p>\n<p>La fisioterapia manuale, che costituisce la base dei protocolli terapeutici, si scontra con l\u2019esigenza sempre pi\u00f9 complessa di migliorare l\u2019efficacia delle terapie, riducendone tempi e costi, sia per il centro che per i pazienti.<\/p>\n<p>Grazie alla lunga esperienza di Humantecar sviluppata nello sport di alto livello, si \u00e8 riusciti ad affinare protocolli di cura sempre pi\u00f9 efficaci e tempestivi nel trattamento del dolore e delle sue cause.<\/p>\n<p>Humantecar Academy si pone l\u2019obiettivo di trasferire ai partecipanti tutto questo know-how consentendo loro di acquisire competenze avanzate nel trattare una vasta gamma di patologie oltre la fisioterapia ortopedica, garantendo ai pazienti un elevato standard di cura, ottimizzando tempi e costi della struttura.<\/p>\n<p>Un\u2019<strong>opportunit\u00e0 esclusiva<\/strong>\u00a0per perfezionare le proprie competenze, accedere alla nuova generazione dell\u2019<strong>Originale Tecarterapia<\/strong>\u00a0e ripristinare vitalit\u00e0, tono e funzionalit\u00e0 dei tessuti in modo\u00a0<strong>profondo<\/strong>,\u00a0<strong>efficace<\/strong>\u00a0e\u00a0<strong>clinicamente<\/strong>\u00a0<strong>misurabile<\/strong>.<\/p>\n<p class=\"cvGsUA direction-ltr align-center para-style-body\"><strong><span style=\"font-size: 18px; color: #800000;\"><span class=\"a_GcMg font-feature-liga-off font-feature-clig-off font-feature-calt-off text-decoration-none text-strikethrough-none\">Un Full Immersion di due giornate ad alto contenuto formativo che <\/span><span class=\"a_GcMg font-feature-liga-off font-feature-clig-off font-feature-calt-off text-decoration-none text-strikethrough-none\">Alphamed Italia Rehabilitation<\/span> <span class=\"a_GcMg font-feature-liga-off font-feature-clig-off font-feature-calt-off text-decoration-none text-strikethrough-none\">Equipment<\/span> <span class=\"a_GcMg font-feature-liga-off font-feature-clig-off font-feature-calt-off text-decoration-none text-strikethrough-none\">mette a disposizione GRATUITAMENTE<\/span>\u00a0<span class=\"a_GcMg font-feature-liga-off font-feature-clig-off font-feature-calt-off text-decoration-none text-strikethrough-none\">per :<\/span><\/span><\/strong><\/p>\n<p class=\"cvGsUA direction-ltr align-center para-style-body\" style=\"text-align: center;\"><strong><span class=\"a_GcMg font-feature-liga-off font-feature-clig-off font-feature-calt-off text-decoration-none text-strikethrough-none\" style=\"font-size: 21px;\">Chi dispone di una HCR di ultima generazione<\/span><\/strong><\/p>\n<p class=\"cvGsUA direction-ltr align-center para-style-body\" style=\"text-align: center;\"><strong><span class=\"a_GcMg font-feature-liga-off font-feature-clig-off font-feature-calt-off text-decoration-none text-strikethrough-none\" style=\"font-size: 21px;\">Chi dispone di una tecnologia HCR di vecchia generazione<\/span><\/strong><\/p>\n<p class=\"cvGsUA direction-ltr align-center para-style-body\" style=\"text-align: center;\"><strong><span class=\"a_GcMg font-feature-liga-off font-feature-clig-off font-feature-calt-off text-decoration-none text-strikethrough-none\" style=\"font-size: 21px;\">Chi dispone di altre tecnologie e vuole capire la reale differenza<\/span><\/strong><\/p>\n<div class=\"elementor-element elementor-element-5cddbdc elementor-widget elementor-widget-heading\" data-id=\"5cddbdc\" data-element_type=\"widget\" data-widget_type=\"heading.default\">\n<h3 class=\"elementor-heading-title elementor-size-default\">Obiettivo<\/h3>\n<\/div>\n<div class=\"elementor-element elementor-element-3d68f0a elementor-widget elementor-widget-text-editor\" data-id=\"3d68f0a\" data-element_type=\"widget\" data-widget_type=\"text-editor.default\">\n<p>Il corso si propone di fornire una solida padronanza della metodologia, al fine di migliorare l\u2019efficienza lavorativa, offrire trattamenti pi\u00f9 efficaci, rapidi e stabili nel tempo, essere pi\u00f9 competitivi nel proprio territorio, offrendo servizi fruibili da un\u2019ampia platea.<\/p>\n<p>\u00c8 importante sottolineare che il Modulo 1 tratter\u00e0 di volta in volta numerosi problemi legati al dolore e fornir\u00e0 ai partecipanti le competenze per gestirli in modo efficace. Si consiglia di rinnovare periodicamente l\u2019iscrizione, cos\u00ec da acquisire una solida base in previsione dei corsi di specializzazione successivi.<\/p>\n<p>In particolare, verranno affrontati ambiti chiave in cui <strong>Hydra Fascia<\/strong>\u00a0ha mostrato la propria efficacia:<\/p>\n<\/div>\n<div class=\"elementor-element elementor-element-73e410b e-grid e-con-boxed wpr-particle-no wpr-jarallax-no wpr-parallax-no wpr-sticky-section-no e-con e-child\" data-id=\"73e410b\" data-element_type=\"container\" data-settings=\"{&quot;background_background&quot;:&quot;classic&quot;}\">\n<div class=\"e-con-inner\">\n<div class=\"elementor-element elementor-element-46341b1 elementor-widget__width-initial elementor-widget-mobile__width-inherit elementor-view-default elementor-position-top elementor-mobile-position-top elementor-widget elementor-widget-icon-box animated fadeInUp\" data-id=\"46341b1\" data-element_type=\"widget\" data-settings=\"{&quot;_animation&quot;:&quot;fadeInUp&quot;}\" data-widget_type=\"icon-box.default\">\n<div class=\"elementor-icon-box-wrapper\">\n<ul style=\"list-style-type: square;\">\n<li class=\"elementor-icon-box-icon\"><span style=\"font-size: 18px;\"><strong>Dolore e infiammazione<\/strong> in patologie osteoarticolari e muscolari, con focus su rigidit\u00e0 croniche e sindromi miofasciali<\/span><\/li>\n<\/ul>\n<\/div>\n<\/div>\n<\/div>\n<\/div>\n<div class=\"elementor-element elementor-element-f4b13aa elementor-widget elementor-widget-text-editor\" data-id=\"f4b13aa\" data-element_type=\"widget\" data-widget_type=\"text-editor.default\">\n<p>Queste aree rappresentano\u00a0<strong>nuove frontiere cliniche<\/strong>, dove HCR 1002, con l\u2019innovazione Hydra Fascia, si conferma uno\u00a0<strong>strumento terapeutico avanzato<\/strong>, in grado di amplificare i risultati e creare nuove opportunit\u00e0 professionali.<\/p>\n[embedyt] https:\/\/www.youtube.com\/watch?v=7SkhHzlzYkU[\/embedyt]\n<\/div>\n<\/div>\n","protected":false},"featured_media":12898,"template":"","meta":{"_exactmetrics_skip_tracking":false,"_exactmetrics_sitenote_active":false,"_exactmetrics_sitenote_note":"","_exactmetrics_sitenote_category":0},"product_cat":[857],"product_tag":[],"product_folder":[],"class_list":{"0":"post-12900","1":"product","2":"type-product","3":"status-publish","4":"has-post-thumbnail","6":"product_cat-iscrizioni-corsistica-formazione-2026","7":"product_shipping_class-gratuita-singolo-prodotto","9":"first","10":"instock","11":"taxable","12":"shipping-taxable","13":"purchasable","14":"product-type-simple"},"yoast_head":"<!-- This site is optimized with the Yoast SEO plugin v25.5 - https:\/\/yoast.com\/wordpress\/plugins\/seo\/ -->\n<title>Torino, 07 Marzo 2026 L&#039;ORIGINALE TECARTERAPIA MODULO 1: Dolore e Infiammazione - Alphamed Store<\/title>\n<meta name=\"description\" content=\"Torino, SABATO 08.11.2025 ONDE D&#039;URTO FOCALI E RADIALI CORSO TEORICO PRATICO CON ECM\" \/>\n<meta name=\"robots\" content=\"index, follow, max-snippet:-1, max-image-preview:large, max-video-preview:-1\" \/>\n<link rel=\"canonical\" href=\"https:\/\/www.alphameditalia.com\/store\/product\/torino-07-marzo-2026-loriginale-tecarterapia-modulo-1-dolore-e-infiammazione\/\" \/>\n<meta property=\"og:locale\" content=\"it_IT\" \/>\n<meta property=\"og:type\" content=\"article\" \/>\n<meta property=\"og:title\" content=\"Torino, 07 Marzo 2026 L&#039;ORIGINALE TECARTERAPIA MODULO 1: Dolore e Infiammazione - Alphamed Store\" \/>\n<meta property=\"og:description\" content=\"Torino, SABATO 08.11.2025 ONDE D&#039;URTO FOCALI E RADIALI CORSO TEORICO PRATICO CON ECM\" \/>\n<meta property=\"og:url\" content=\"https:\/\/www.alphameditalia.com\/store\/product\/torino-07-marzo-2026-loriginale-tecarterapia-modulo-1-dolore-e-infiammazione\/\" \/>\n<meta property=\"og:site_name\" content=\"Alphamed Store\" \/>\n<meta property=\"article:modified_time\" content=\"2026-02-03T21:33:10+00:00\" \/>\n<meta property=\"og:image\" content=\"https:\/\/www.alphameditalia.com\/store\/wp-content\/uploads\/2026\/02\/Corso-7-Marzo-Alphamed-MOD1-1-819x1024.png\" \/>\n\t<meta property=\"og:image:width\" content=\"819\" \/>\n\t<meta property=\"og:image:height\" content=\"1024\" \/>\n\t<meta property=\"og:image:type\" content=\"image\/png\" \/>\n<meta name=\"twitter:card\" content=\"summary_large_image\" \/>\n<meta name=\"twitter:label1\" content=\"Tempo di lettura stimato\" \/>\n\t<meta name=\"twitter:data1\" content=\"1 minuto\" \/>\n<script type=\"application\/ld+json\" class=\"yoast-schema-graph\">{\"@context\":\"https:\/\/schema.org\",\"@graph\":[{\"@type\":\"WebPage\",\"@id\":\"https:\/\/www.alphameditalia.com\/store\/product\/torino-07-marzo-2026-loriginale-tecarterapia-modulo-1-dolore-e-infiammazione\/\",\"url\":\"https:\/\/www.alphameditalia.com\/store\/product\/torino-07-marzo-2026-loriginale-tecarterapia-modulo-1-dolore-e-infiammazione\/\",\"name\":\"Torino, 07 Marzo 2026 L'ORIGINALE TECARTERAPIA MODULO 1: Dolore e Infiammazione - Alphamed Store\",\"isPartOf\":{\"@id\":\"https:\/\/www.alphameditalia.com\/store\/#website\"},\"primaryImageOfPage\":{\"@id\":\"https:\/\/www.alphameditalia.com\/store\/product\/torino-07-marzo-2026-loriginale-tecarterapia-modulo-1-dolore-e-infiammazione\/#primaryimage\"},\"image\":{\"@id\":\"https:\/\/www.alphameditalia.com\/store\/product\/torino-07-marzo-2026-loriginale-tecarterapia-modulo-1-dolore-e-infiammazione\/#primaryimage\"},\"thumbnailUrl\":\"https:\/\/www.alphameditalia.com\/store\/wp-content\/uploads\/2026\/02\/Corso-7-Marzo-Alphamed-MOD1-1.png\",\"datePublished\":\"2026-02-03T21:11:54+00:00\",\"dateModified\":\"2026-02-03T21:33:10+00:00\",\"description\":\"Torino, SABATO 08.11.2025 ONDE D'URTO FOCALI E RADIALI CORSO TEORICO PRATICO CON ECM\",\"breadcrumb\":{\"@id\":\"https:\/\/www.alphameditalia.com\/store\/product\/torino-07-marzo-2026-loriginale-tecarterapia-modulo-1-dolore-e-infiammazione\/#breadcrumb\"},\"inLanguage\":\"it-IT\",\"potentialAction\":[{\"@type\":\"ReadAction\",\"target\":[\"https:\/\/www.alphameditalia.com\/store\/product\/torino-07-marzo-2026-loriginale-tecarterapia-modulo-1-dolore-e-infiammazione\/\"]}]},{\"@type\":\"ImageObject\",\"inLanguage\":\"it-IT\",\"@id\":\"https:\/\/www.alphameditalia.com\/store\/product\/torino-07-marzo-2026-loriginale-tecarterapia-modulo-1-dolore-e-infiammazione\/#primaryimage\",\"url\":\"https:\/\/www.alphameditalia.com\/store\/wp-content\/uploads\/2026\/02\/Corso-7-Marzo-Alphamed-MOD1-1.png\",\"contentUrl\":\"https:\/\/www.alphameditalia.com\/store\/wp-content\/uploads\/2026\/02\/Corso-7-Marzo-Alphamed-MOD1-1.png\",\"width\":1080,\"height\":1350,\"caption\":\"Modulo 1 : Dolore Infiammazione\"},{\"@type\":\"BreadcrumbList\",\"@id\":\"https:\/\/www.alphameditalia.com\/store\/product\/torino-07-marzo-2026-loriginale-tecarterapia-modulo-1-dolore-e-infiammazione\/#breadcrumb\",\"itemListElement\":[{\"@type\":\"ListItem\",\"position\":1,\"name\":\"Home\",\"item\":\"https:\/\/www.alphameditalia.com\/store\/\"},{\"@type\":\"ListItem\",\"position\":2,\"name\":\"Prodotti\",\"item\":\"https:\/\/www.alphameditalia.com\/store\/shop\/\"},{\"@type\":\"ListItem\",\"position\":3,\"name\":\"Torino, 07 Marzo 2026 L&#8217;ORIGINALE TECARTERAPIA MODULO 1: Dolore e Infiammazione\"}]},{\"@type\":\"WebSite\",\"@id\":\"https:\/\/www.alphameditalia.com\/store\/#website\",\"url\":\"https:\/\/www.alphameditalia.com\/store\/\",\"name\":\"Alphamed Store\",\"description\":\"\",\"potentialAction\":[{\"@type\":\"SearchAction\",\"target\":{\"@type\":\"EntryPoint\",\"urlTemplate\":\"https:\/\/www.alphameditalia.com\/store\/?s={search_term_string}\"},\"query-input\":{\"@type\":\"PropertyValueSpecification\",\"valueRequired\":true,\"valueName\":\"search_term_string\"}}],\"inLanguage\":\"it-IT\"}]}<\/script>\n<!-- \/ Yoast SEO plugin. -->","yoast_head_json":{"title":"Torino, 07 Marzo 2026 L'ORIGINALE TECARTERAPIA MODULO 1: Dolore e Infiammazione - Alphamed Store","description":"Torino, SABATO 08.11.2025 ONDE D'URTO FOCALI E RADIALI CORSO TEORICO PRATICO CON ECM","robots":{"index":"index","follow":"follow","max-snippet":"max-snippet:-1","max-image-preview":"max-image-preview:large","max-video-preview":"max-video-preview:-1"},"canonical":"https:\/\/www.alphameditalia.com\/store\/product\/torino-07-marzo-2026-loriginale-tecarterapia-modulo-1-dolore-e-infiammazione\/","og_locale":"it_IT","og_type":"article","og_title":"Torino, 07 Marzo 2026 L'ORIGINALE TECARTERAPIA MODULO 1: Dolore e Infiammazione - Alphamed Store","og_description":"Torino, SABATO 08.11.2025 ONDE D'URTO FOCALI E RADIALI CORSO TEORICO PRATICO CON ECM","og_url":"https:\/\/www.alphameditalia.com\/store\/product\/torino-07-marzo-2026-loriginale-tecarterapia-modulo-1-dolore-e-infiammazione\/","og_site_name":"Alphamed Store","article_modified_time":"2026-02-03T21:33:10+00:00","og_image":[{"width":819,"height":1024,"url":"https:\/\/www.alphameditalia.com\/store\/wp-content\/uploads\/2026\/02\/Corso-7-Marzo-Alphamed-MOD1-1-819x1024.png","type":"image\/png"}],"twitter_card":"summary_large_image","twitter_misc":{"Tempo di lettura stimato":"1 minuto"},"schema":{"@context":"https:\/\/schema.org","@graph":[{"@type":"WebPage","@id":"https:\/\/www.alphameditalia.com\/store\/product\/torino-07-marzo-2026-loriginale-tecarterapia-modulo-1-dolore-e-infiammazione\/","url":"https:\/\/www.alphameditalia.com\/store\/product\/torino-07-marzo-2026-loriginale-tecarterapia-modulo-1-dolore-e-infiammazione\/","name":"Torino, 07 Marzo 2026 L'ORIGINALE TECARTERAPIA MODULO 1: Dolore e Infiammazione - Alphamed Store","isPartOf":{"@id":"https:\/\/www.alphameditalia.com\/store\/#website"},"primaryImageOfPage":{"@id":"https:\/\/www.alphameditalia.com\/store\/product\/torino-07-marzo-2026-loriginale-tecarterapia-modulo-1-dolore-e-infiammazione\/#primaryimage"},"image":{"@id":"https:\/\/www.alphameditalia.com\/store\/product\/torino-07-marzo-2026-loriginale-tecarterapia-modulo-1-dolore-e-infiammazione\/#primaryimage"},"thumbnailUrl":"https:\/\/www.alphameditalia.com\/store\/wp-content\/uploads\/2026\/02\/Corso-7-Marzo-Alphamed-MOD1-1.png","datePublished":"2026-02-03T21:11:54+00:00","dateModified":"2026-02-03T21:33:10+00:00","description":"Torino, SABATO 08.11.2025 ONDE D'URTO FOCALI E RADIALI CORSO TEORICO PRATICO CON ECM","breadcrumb":{"@id":"https:\/\/www.alphameditalia.com\/store\/product\/torino-07-marzo-2026-loriginale-tecarterapia-modulo-1-dolore-e-infiammazione\/#breadcrumb"},"inLanguage":"it-IT","potentialAction":[{"@type":"ReadAction","target":["https:\/\/www.alphameditalia.com\/store\/product\/torino-07-marzo-2026-loriginale-tecarterapia-modulo-1-dolore-e-infiammazione\/"]}]},{"@type":"ImageObject","inLanguage":"it-IT","@id":"https:\/\/www.alphameditalia.com\/store\/product\/torino-07-marzo-2026-loriginale-tecarterapia-modulo-1-dolore-e-infiammazione\/#primaryimage","url":"https:\/\/www.alphameditalia.com\/store\/wp-content\/uploads\/2026\/02\/Corso-7-Marzo-Alphamed-MOD1-1.png","contentUrl":"https:\/\/www.alphameditalia.com\/store\/wp-content\/uploads\/2026\/02\/Corso-7-Marzo-Alphamed-MOD1-1.png","width":1080,"height":1350,"caption":"Modulo 1 : Dolore Infiammazione"},{"@type":"BreadcrumbList","@id":"https:\/\/www.alphameditalia.com\/store\/product\/torino-07-marzo-2026-loriginale-tecarterapia-modulo-1-dolore-e-infiammazione\/#breadcrumb","itemListElement":[{"@type":"ListItem","position":1,"name":"Home","item":"https:\/\/www.alphameditalia.com\/store\/"},{"@type":"ListItem","position":2,"name":"Prodotti","item":"https:\/\/www.alphameditalia.com\/store\/shop\/"},{"@type":"ListItem","position":3,"name":"Torino, 07 Marzo 2026 L&#8217;ORIGINALE TECARTERAPIA MODULO 1: Dolore e Infiammazione"}]},{"@type":"WebSite","@id":"https:\/\/www.alphameditalia.com\/store\/#website","url":"https:\/\/www.alphameditalia.com\/store\/","name":"Alphamed Store","description":"","potentialAction":[{"@type":"SearchAction","target":{"@type":"EntryPoint","urlTemplate":"https:\/\/www.alphameditalia.com\/store\/?s={search_term_string}"},"query-input":{"@type":"PropertyValueSpecification","valueRequired":true,"valueName":"search_term_string"}}],"inLanguage":"it-IT"}]}},"_links":{"self":[{"href":"https:\/\/www.alphameditalia.com\/store\/wp-json\/wp\/v2\/product\/12900","targetHints":{"allow":["GET"]}}],"collection":[{"href":"https:\/\/www.alphameditalia.com\/store\/wp-json\/wp\/v2\/product"}],"about":[{"href":"https:\/\/www.alphameditalia.com\/store\/wp-json\/wp\/v2\/types\/product"}],"wp:featuredmedia":[{"embeddable":true,"href":"https:\/\/www.alphameditalia.com\/store\/wp-json\/wp\/v2\/media\/12898"}],"wp:attachment":[{"href":"https:\/\/www.alphameditalia.com\/store\/wp-json\/wp\/v2\/media?parent=12900"}],"wp:term":[{"taxonomy":"product_cat","embeddable":true,"href":"https:\/\/www.alphameditalia.com\/store\/wp-json\/wp\/v2\/product_cat?post=12900"},{"taxonomy":"product_tag","embeddable":true,"href":"https:\/\/www.alphameditalia.com\/store\/wp-json\/wp\/v2\/product_tag?post=12900"},{"taxonomy":"product_folder","embeddable":true,"href":"https:\/\/www.alphameditalia.com\/store\/wp-json\/wp\/v2\/product_folder?post=12900"}],"curies":[{"name":"wp","href":"https:\/\/api.w.org\/{rel}","templated":true}]}}